{"id":49905,"date":"2024-12-08T02:53:34","date_gmt":"2024-12-08T02:53:34","guid":{"rendered":"https:\/\/www.educatce.cl\/sva\/?page_id=49905"},"modified":"2024-12-08T05:11:07","modified_gmt":"2024-12-08T05:11:07","slug":"viaje-misionero","status":"publish","type":"page","link":"https:\/\/www.educatce.cl\/sva\/viaje-misionero\/","title":{"rendered":"Viaje misionero"},"content":{"rendered":"\t\t<div data-elementor-type=\"wp-page\" data-elementor-id=\"49905\" class=\"elementor elementor-49905\">\n\t\t\t\t<div class=\"elementor-element elementor-element-befb4be e-grid e-con-boxed e-con e-parent\" data-id=\"befb4be\" data-element_type=\"container\">\n\t\t\t\t\t<div class=\"e-con-inner\">\n\t\t\t\t<div class=\"elementor-element elementor-element-b60e187 elementor-widget elementor-widget-text-editor\" data-id=\"b60e187\" data-element_type=\"widget\" data-widget_type=\"text-editor.default\">\n\t\t\t\t<div class=\"elementor-widget-container\">\n\t\t\t\t\t\t\t<h3><strong>Viaje a Bolivia para capacitaci\u00f3n misionera<\/strong><\/h3>\n<p>A fines de octubre del 2023, nace un hermoso sue\u00f1o: ayudar a Naila Grand\u00f3n, una estudiante con potencial misionero a participar del \u201cCurso Light\u201d organizado por el Instituto Quebrada Le\u00f3n (IQL) en Santa Cruz de la Sierra, Bolivia.<\/p>\n<p>Esta ilusi\u00f3n surge en la \u201cMisi\u00f3n Trip\u201d de Lonquimay a ra\u00edz de conversaciones ocasionales entre la familia de la estudiante y dos miembros del personal del establecimiento: GisselaOrme\u00f1o y Constanza Navarro. Ellas, contaron sus experiencias misioneras en IQL y el anhelo de ofrecer a la estudiante una experiencia transformadora.<\/p>\n<blockquote>\n<p><strong>La FEMVO, generosamente aport\u00f3 con los recursos econ\u00f3micos necesarios para cubrir la inscripci\u00f3n del curso.<\/strong>\u00a0<\/p>\n<\/blockquote>\n<p>Al presentar la idea el director institucional de ese entonces, H\u00e9ctor Urrutia, su respuesta fue inmediata y favorable. Se mostr\u00f3 animado y comprometido en apoyar el proyecto. R\u00e1pidamente solicit\u00f3 recursos a la Fundaci\u00f3n Educacional Mario Veloso Oses (FEMVO) y autoriz\u00f3 el desarrollo de diversas acciones para recaudar fondos.<\/p>\n\t\t\t\t\t\t<\/div>\n\t\t\t\t<\/div>\n\t\t\t\t\t<\/div>\n\t\t\t\t<\/div>\n\t\t<div class=\"elementor-element elementor-element-0dced78 e-con-full e-flex e-con e-parent\" data-id=\"0dced78\" data-element_type=\"container\" data-settings=\"{&quot;background_background&quot;:&quot;classic&quot;}\">\n\t\t<div class=\"elementor-element elementor-element-51bedb0 e-con-full e-flex e-con e-child\" data-id=\"51bedb0\" data-element_type=\"container\">\n\t\t\t\t<div class=\"elementor-element elementor-element-b58bced elementor-widget elementor-widget-video\" data-id=\"b58bced\" data-element_type=\"widget\" data-settings=\"{&quot;youtube_url&quot;:&quot;https:\\\/\\\/www.youtube.com\\\/watch?v=DDDQFCqARRI&amp;t=6s&quot;,&quot;video_type&quot;:&quot;youtube&quot;,&quot;controls&quot;:&quot;yes&quot;}\" data-widget_type=\"video.default\">\n\t\t\t\t<div class=\"elementor-widget-container\">\n\t\t\t\t\t<div class=\"elementor-wrapper elementor-open-inline\">\n\t\t\t<div class=\"elementor-video\"><\/div>\t\t<\/div>\n\t\t\t\t<\/div>\n\t\t\t\t<\/div>\n\t\t\t\t<\/div>\n\t\t<div class=\"elementor-element elementor-element-d716703 e-con-full e-flex e-con e-child\" data-id=\"d716703\" data-element_type=\"container\">\n\t\t\t\t<div class=\"elementor-element elementor-element-5b5d8a3 elementor-widget__width-initial elementor-widget elementor-widget-text-editor\" data-id=\"5b5d8a3\" data-element_type=\"widget\" data-widget_type=\"text-editor.default\">\n\t\t\t\t<div class=\"elementor-widget-container\">\n\t\t\t\t\t\t\t<h3><strong>Feria de salud<\/strong><\/h3>\n<p>Esta es una de las actividades del Instituto Quebrada de Le\u00f3n, de Bolivia, para el servicio a la comunidad.<\/p>\n<p>El\u00a0 prop\u00f3sito de ellos es motivar a personas a tener una experiencia m\u00e1s cercana con Dios y que, como miembro de la Iglesia Adventista del S\u00e9ptimo D\u00eda,\u00a0 est\u00e9 equipado para alcanzar a su familia, su iglesia y su comunidad utilizando herramientas en salud f\u00edsica, mental y espiritual.<\/p>\n\t\t\t\t\t\t<\/div>\n\t\t\t\t<\/div>\n\t\t\t\t<\/div>\n\t\t\t\t<\/div>\n\t\t<div class=\"elementor-element elementor-element-ec54ee2 e-grid e-con-boxed e-con e-parent\" data-id=\"ec54ee2\" data-element_type=\"container\">\n\t\t\t\t\t<div class=\"e-con-inner\">\n\t\t\t\t<div class=\"elementor-element elementor-element-0a55e8e elementor-widget elementor-widget-text-editor\" data-id=\"0a55e8e\" data-element_type=\"widget\" data-widget_type=\"text-editor.default\">\n\t\t\t\t<div class=\"elementor-widget-container\">\n\t\t\t\t\t\t\t<h3><strong>Naila, una joven de fe inquebrantable<\/strong><\/h3>\n<p><span style=\"text-align: var(--text-align);\">Emprendi\u00f3 una aventura que marcar\u00eda su vida <\/span><span style=\"text-align: var(--text-align);\">para siempre. Su primer vuelo, un hito en s\u00ed\u00a0<\/span><span style=\"text-align: var(--text-align);\">mismo, la llev\u00f3 a la exuberante selva\u00a0<\/span><span style=\"text-align: var(--text-align);\">boliviana. Con la bendici\u00f3n y las expectativas\u00a0<\/span><span style=\"text-align: var(--text-align);\">de su familia, se sumergi\u00f3 en un mundo de\u00a0<\/span><span style=\"text-align: var(--text-align);\">aprendizaje y servicio. <\/span><\/p>\n<p><span style=\"text-align: var(--text-align);\">En medio de una\u00a0<\/span><span style=\"text-align: var(--text-align);\">comunidad totalmente cristiana, Naila\u00a0<\/span><span style=\"text-align: var(--text-align);\">encontr\u00f3 un hogar lejos de casa. Su\u00a0<\/span><span style=\"text-align: var(--text-align);\">necesidad de aprendizaje, la llev\u00f3 pasar\u00a0<\/span><span style=\"text-align: var(--text-align);\">tiempo de calidad con Dios, a liderar grupos\u00a0<\/span><span style=\"text-align: var(--text-align);\">de j\u00f3venes y adultos, a participar en ferias de\u00a0<\/span><span style=\"text-align: var(--text-align);\">salud que transformaron vidas y a visitar a\u00a0<\/span><span style=\"text-align: var(--text-align);\">vecinos de comunidades cercanas.<\/span><\/p>\n<blockquote>\n<p><strong style=\"text-align: var(--text-align);\">Durante el viaje <\/strong><strong style=\"text-align: var(--text-align);\">aprend\u00ed a pasar tiempo con Dios y a\u00a0<\/strong><strong style=\"text-align: var(--text-align);\">mostrar a Jes\u00fas a las personas. <\/strong><span style=\"text-align: var(--text-align);\">\u00a0<\/span><strong style=\"text-align: var(--text-align);\">(Naila\u00a0<\/strong><strong style=\"text-align: var(--text-align);\">Grand\u00f3n).<\/strong><\/p>\n<\/blockquote>\n<p><span style=\"text-align: var(--text-align);\">Cada d\u00eda,\u00a0<\/span><span style=\"text-align: var(--text-align);\">los principios cristianos de amor, paciencia y\u00a0<\/span><span style=\"text-align: var(--text-align);\">servicio se entrelazaban en su vida,\u00a0<\/span><span style=\"text-align: var(--text-align);\">moldeando su car\u00e1cter y fortaleciendo su fe.\u00a0<\/span><span style=\"text-align: var(--text-align);\">M\u00e1s all\u00e1 de la teor\u00eda, Naila descubri\u00f3 la\u00a0<\/span><span style=\"text-align: var(--text-align);\">importancia de cuidar de su cuerpo como un\u00a0<\/span><span style=\"text-align: var(--text-align);\">templo del Esp\u00edritu Santo. Aprendi\u00f3 sobre la\u00a0<\/span><span style=\"text-align: var(--text-align);\">alimentaci\u00f3n saludable y la importancia de\u00a0<\/span><span style=\"text-align: var(--text-align);\">un estilo de vida equilibrado.\u00a0<\/span><span style=\"text-align: var(--text-align);\">Sin embargo, lo\u00a0<\/span><span style=\"text-align: var(--text-align);\">que m\u00e1s la impact\u00f3 fue el enriquecimiento\u00a0\u00a0<\/span><span style=\"text-align: var(--text-align);\">espiritual que vivi\u00f3 personalmente d\u00eda a d\u00eda.<\/span><\/p>\n<p>En su estad\u00eda en IQL, Naila forj\u00f3 amistades\u00a0<span style=\"text-align: var(--text-align);\">duraderas, desarroll\u00f3 habilidades de\u00a0<\/span><span style=\"text-align: var(--text-align);\">liderazgo que la inspirar\u00edan a lo largo de su\u00a0<\/span><span style=\"text-align: var(--text-align);\">vida y, sobre todo, encendi\u00f3 en su coraz\u00f3n\u00a0<\/span><span style=\"text-align: var(--text-align);\">una pasi\u00f3n inextinguible por servir y\u00a0<\/span><span style=\"text-align: var(--text-align);\">compartir con otros el amor que recibe de\u00a0<\/span><span style=\"text-align: var(--text-align);\">Cristo. Al regresar a casa, Naila era una\u00a0<\/span><span style=\"text-align: var(--text-align);\">persona transformada. Su experiencia\u00a0<\/span><span style=\"text-align: var(--text-align);\">misionera la hab\u00eda preparado para ser una\u00a0<\/span><span style=\"text-align: var(--text-align);\">luz en el mundo, tal como dice Jes\u00fas en el\u00a0<\/span><span style=\"text-align: var(--text-align);\">serm\u00f3n del monte: &#8220;<\/span><strong style=\"text-align: var(--text-align);\"><em>As\u00ed alumbre vuestra luz\u00a0<\/em><\/strong><strong style=\"text-align: var(--text-align);\"><em>delante de los hombres, para que vean\u00a0<\/em><\/strong><strong style=\"text-align: var(--text-align);\"><em>vuestras buenas obras, y glorifiquen a\u00a0<\/em><\/strong><strong style=\"text-align: var(--text-align);\"><em>vuestro Padre que est\u00e1 en los cielos<\/em><\/strong><span style=\"text-align: var(--text-align);\">&#8221;\u00a0<\/span><strong style=\"text-align: var(--text-align);\">(Mateo 5:16).<\/strong><\/p>\n\t\t\t\t\t\t<\/div>\n\t\t\t\t<\/div>\n\t\t\t\t\t<\/div>\n\t\t\t\t<\/div>\n\t\t\t\t<\/div>\n\t\t","protected":false},"excerpt":{"rendered":"<p>Viaje a Bolivia para capacitaci\u00f3n misionera A fines de octubre del 2023, nace un hermoso sue\u00f1o: ayudar a Naila Grand\u00f3n, una estudiante con potencial misionero a participar del \u201cCurso Light\u201d organizado por el Instituto Quebrada Le\u00f3n (IQL) en Santa Cruz de la Sierra, Bolivia. Esta ilusi\u00f3n surge en la \u201cMisi\u00f3n Trip\u201d de Lonquimay a ra\u00edz [&hellip;]<\/p>\n","protected":false},"author":1,"featured_media":0,"parent":0,"menu_order":0,"comment_status":"closed","ping_status":"closed","template":"","meta":{"pmpro_default_level":"","footnotes":""},"class_list":["post-49905","page","type-page","status-publish","hentry","pmpro-has-access"],"_links":{"self":[{"href":"https:\/\/www.educatce.cl\/sva\/wp-json\/wp\/v2\/pages\/49905","targetHints":{"allow":["GET"]}}],"collection":[{"href":"https:\/\/www.educatce.cl\/sva\/wp-json\/wp\/v2\/pages"}],"about":[{"href":"https:\/\/www.educatce.cl\/sva\/wp-json\/wp\/v2\/types\/page"}],"author":[{"embeddable":true,"href":"https:\/\/www.educatce.cl\/sva\/wp-json\/wp\/v2\/users\/1"}],"replies":[{"embeddable":true,"href":"https:\/\/www.educatce.cl\/sva\/wp-json\/wp\/v2\/comments?post=49905"}],"version-history":[{"count":61,"href":"https:\/\/www.educatce.cl\/sva\/wp-json\/wp\/v2\/pages\/49905\/revisions"}],"predecessor-version":[{"id":49985,"href":"https:\/\/www.educatce.cl\/sva\/wp-json\/wp\/v2\/pages\/49905\/revisions\/49985"}],"wp:attachment":[{"href":"https:\/\/www.educatce.cl\/sva\/wp-json\/wp\/v2\/media?parent=49905"}],"curies":[{"name":"wp","href":"https:\/\/api.w.org\/{rel}","templated":true}]}}